{"id":21324,"date":"2025-04-29T14:30:19","date_gmt":"2025-04-29T12:30:19","guid":{"rendered":"https:\/\/www.fond-mobile-aqualift.com\/?post_type=dt_portfolio&#038;p=21324"},"modified":"2025-04-29T14:30:19","modified_gmt":"2025-04-29T12:30:19","slug":"une-piscine-dexception-a-fond-mobile-pour-lhotel-le-pre-de-la-mer-a-saint-tropez","status":"publish","type":"dt_portfolio","link":"https:\/\/www.fond-mobile-aqualift.com\/fr\/project\/une-piscine-dexception-a-fond-mobile-pour-lhotel-le-pre-de-la-mer-a-saint-tropez\/","title":{"rendered":"Une piscine d\u2019exception \u00e0 fond mobile pour l\u2019h\u00f4tel Le Pr\u00e9 de la Mer \u00e0 Saint-Tropez"},"content":{"rendered":"<div class=\"wpb-content-wrapper\"><p>[vc_row full_width=\u00a0\u00bbstretch_row_content\u00a0\u00bb full_height=\u00a0\u00bbyes\u00a0\u00bb columns_placement=\u00a0\u00bbbottom\u00a0\u00bb content_placement=\u00a0\u00bbbottom\u00a0\u00bb bg_type=\u00a0\u00bbimage\u00a0\u00bb parallax_style=\u00a0\u00bbvcpb-default\u00a0\u00bb bg_image_new=\u00a0\u00bbid^21332|url^https:\/\/www.fond-mobile-aqualift.com\/wp-content\/uploads\/2025\/04\/aqualift-pre-de-la-mer-000.webp|caption^null|alt^null|title^H\u00f4tel Le Pr\u00e9 de la Mer \u00e0 Saint-Tropez|description^null\u00a0\u00bb bg_image_repeat=\u00a0\u00bbno-repeat\u00a0\u00bb bg_override=\u00a0\u00bbbrowser_size\u00a0\u00bb css=\u00a0\u00bb.vc_custom_1745920970675{margin-top: 0px !important;margin-right: 0px !important;margin-bottom: 0px !important;margin-left: 0px !important;padding-top: 120px !important;}\u00a0\u00bb el_class=\u00a0\u00bbgradianta\u00a0\u00bb][vc_column css=\u00a0\u00bb.vc_custom_1603811011271{padding-right: 10% !important;padding-bottom: 50px !important;padding-left: 10% !important;}\u00a0\u00bb]<div id=\"ultimate-heading-231769f5a3f7b9254\" class=\"uvc-heading ult-adjust-bottom-margin ultimate-heading-231769f5a3f7b9254 uvc-1869 \" data-hspacer=\"no_spacer\"  data-halign=\"left\" style=\"text-align:left\"><div class=\"uvc-heading-spacer no_spacer\" style=\"top\"><\/div><div class=\"uvc-main-heading ult-responsive\"  data-ultimate-target='.uvc-heading.ultimate-heading-231769f5a3f7b9254 h1'  data-responsive-json-new='{\"font-size\":\"desktop:34px;tablet:24px;tablet_portrait:24px;mobile_landscape:24px;mobile:24px;\",\"line-height\":\"desktop:38px;tablet:28px;tablet_portrait:28px;mobile_landscape:28px;mobile:28px;\"}' ><h1 style=\"font-family:&#039;Roboto&#039;;font-weight:100;color:#ffffff;margin-bottom:10px;\">Une piscine d\u2019exception \u00e0 fond mobile pour l\u2019h\u00f4tel Le Pr\u00e9 de la Mer \u00e0 Saint-Tropez<\/h1><\/div><div class=\"uvc-sub-heading ult-responsive\"  data-ultimate-target='.uvc-heading.ultimate-heading-231769f5a3f7b9254 .uvc-sub-heading '  data-responsive-json-new='{\"font-size\":\"desktop:15px;tablet:14px;tablet_portrait:14px;mobile_landscape:14px;mobile:14px;\",\"line-height\":\"desktop:22px;tablet:20px;tablet_portrait:20px;mobile_landscape:20px;mobile:20px;\"}'  style=\"font-family:&#039;Roboto&#039;;font-weight:300;color:#ffffff;margin-bottom:5px;\">\u00c0 deux pas de la M\u00e9diterran\u00e9e, au c\u0153ur du mythique golfe de Saint-Tropez, l\u2019h\u00f4tel Le Pr\u00e9 de la Mer s\u2019est dot\u00e9 d\u2019une cr\u00e9ation unique : une <strong>piscine \u00e0 fond mobile sur-mesure<\/strong> Aqualift con\u00e7ue et dessin\u00e9e par l\u2019architecte Michel Lefebvre, leader dans la cr\u00e9ation de solutions de piscines avec fond mobile sur-mesure.<br \/>\nCette r\u00e9alisation \u00e9l\u00e9gante et discr\u00e8te permet \u00e0 l\u2019\u00e9tablissement de moduler ses espaces selon les besoins, en offrant \u00e0 ses clients un lieu de d\u00e9tente aussi <strong>fonctionnel qu\u2019esth\u00e9tique<\/strong>.<\/div><\/div><div class=\"ult-just-icon-wrapper   vc_custom_1603724174645\"><div class=\"align-icon\" style=\"text-align:left;\">\n<div class=\"aio-icon advanced \"  style=\"color:#ffffff;background:rgba(255,255,255,0.05);border-style:solid;border-color:#ffffff;border-width:1px;width:42px;height:42px;line-height:42px;border-radius:500px;font-size:26px;\">\n\t<i class=\"icomoon-the7-font-the7-arrow-29-1\"><\/i>\n<\/div><\/div><\/div>[\/vc_column][\/vc_row][vc_row type=\u00a0\u00bbvc_default\u00a0\u00bb][vc_column]<style type=\"text\/css\" data-type=\"the7_shortcodes-inline-css\">.gallery-shortcode.gallery-masonry-shortcode-id-184feae6799674f8357d0a8e4b876b29 figure,\n.gallery-shortcode.gallery-masonry-shortcode-id-184feae6799674f8357d0a8e4b876b29 .rollover,\n.gallery-shortcode.gallery-masonry-shortcode-id-184feae6799674f8357d0a8e4b876b29 img,\n.gallery-shortcode.gallery-masonry-shortcode-id-184feae6799674f8357d0a8e4b876b29 .gallery-rollover {\n  border-radius: 0px;\n}\n.gallery-shortcode.gallery-masonry-shortcode-id-184feae6799674f8357d0a8e4b876b29.enable-bg-rollover .gallery-rollover {\n  background: -webkit-linear-gradient();\n  background: linear-gradient();\n}\n.gallery-shortcode.gallery-masonry-shortcode-id-184feae6799674f8357d0a8e4b876b29.enable-bg-rollover.hover-scale figure .rollover:after {\n  background: -webkit-linear-gradient();\n  background: linear-gradient();\n}\n.gallery-shortcode.gallery-masonry-shortcode-id-184feae6799674f8357d0a8e4b876b29 .gallery-zoom-ico {\n  width: 34px;\n  height: 34px;\n  line-height: 34px;\n  border-radius: 100px;\n  margin: -17px 0 0 -17px;\n  border-width: 0px;\n  color: #ffffff;\n}\n.dt-icon-bg-on.gallery-shortcode.gallery-masonry-shortcode-id-184feae6799674f8357d0a8e4b876b29 .gallery-zoom-ico {\n  background: rgba(255,255,255,0.3);\n  box-shadow: none;\n}\n.gallery-shortcode.gallery-masonry-shortcode-id-184feae6799674f8357d0a8e4b876b29 .gallery-zoom-ico:before,\n.gallery-shortcode.gallery-masonry-shortcode-id-184feae6799674f8357d0a8e4b876b29 .gallery-zoom-ico span {\n  font-size: 28px;\n  line-height: 34px;\n  color: #ffffff;\n}\n.gallery-shortcode.gallery-masonry-shortcode-id-184feae6799674f8357d0a8e4b876b29:not(.resize-by-browser-width) .dt-css-grid {\n  grid-row-gap: 6px;\n  grid-column-gap: 6px;\n  grid-template-columns: repeat(auto-fill,minmax(,1fr));\n}\n.gallery-shortcode.gallery-masonry-shortcode-id-184feae6799674f8357d0a8e4b876b29:not(.resize-by-browser-width) .dt-css-grid .double-width {\n  grid-column: span 2;\n}\n.cssgridlegacy.no-cssgrid .gallery-shortcode.gallery-masonry-shortcode-id-184feae6799674f8357d0a8e4b876b29:not(.resize-by-browser-width) .dt-css-grid,\n.no-cssgridlegacy.no-cssgrid .gallery-shortcode.gallery-masonry-shortcode-id-184feae6799674f8357d0a8e4b876b29:not(.resize-by-browser-width) .dt-css-grid {\n  display: flex;\n  flex-flow: row wrap;\n  margin: -3px;\n}\n.cssgridlegacy.no-cssgrid .gallery-shortcode.gallery-masonry-shortcode-id-184feae6799674f8357d0a8e4b876b29:not(.resize-by-browser-width) .dt-css-grid .wf-cell,\n.no-cssgridlegacy.no-cssgrid .gallery-shortcode.gallery-masonry-shortcode-id-184feae6799674f8357d0a8e4b876b29:not(.resize-by-browser-width) .dt-css-grid .wf-cell {\n  flex: 1 0 ;\n  max-width: 100%;\n  padding: 3px;\n  box-sizing: border-box;\n}\n.gallery-shortcode.gallery-masonry-shortcode-id-184feae6799674f8357d0a8e4b876b29.resize-by-browser-width .dt-css-grid {\n  grid-template-columns: repeat(2,1fr);\n  grid-template-rows: auto;\n  grid-column-gap: 6px;\n  grid-row-gap: 6px;\n}\n.gallery-shortcode.gallery-masonry-shortcode-id-184feae6799674f8357d0a8e4b876b29.resize-by-browser-width .dt-css-grid .double-width {\n  grid-column: span 2;\n}\n.cssgridlegacy.no-cssgrid .gallery-shortcode.gallery-masonry-shortcode-id-184feae6799674f8357d0a8e4b876b29.resize-by-browser-width .dt-css-grid {\n  margin: -3px;\n}\n.cssgridlegacy.no-cssgrid .gallery-shortcode.gallery-masonry-shortcode-id-184feae6799674f8357d0a8e4b876b29.resize-by-browser-width .dt-css-grid .wf-cell {\n  width: 50%;\n  padding: 3px;\n}\n.cssgridlegacy.no-cssgrid .gallery-shortcode.gallery-masonry-shortcode-id-184feae6799674f8357d0a8e4b876b29.resize-by-browser-width .dt-css-grid .wf-cell.double-width {\n  width: calc(50%) * 2;\n}\n.gallery-shortcode.gallery-masonry-shortcode-id-184feae6799674f8357d0a8e4b876b29.resize-by-browser-width:not(.centered-layout-list):not(.content-bg-on) .dt-css-grid {\n  grid-row-gap: 6px - ;\n}\n@media screen and (max-width: 1199px) {\n  .gallery-shortcode.gallery-masonry-shortcode-id-184feae6799674f8357d0a8e4b876b29.resize-by-browser-width .dt-css-grid {\n    grid-template-columns: repeat(2,1fr);\n  }\n  .cssgridlegacy.no-cssgrid .gallery-shortcode.gallery-masonry-shortcode-id-184feae6799674f8357d0a8e4b876b29.resize-by-browser-width .dt-css-grid .wf-cell,\n  .no-cssgridlegacy.no-cssgrid .gallery-shortcode.gallery-masonry-shortcode-id-184feae6799674f8357d0a8e4b876b29.resize-by-browser-width .dt-css-grid .wf-cell {\n    width: 50%;\n  }\n  .cssgridlegacy.no-cssgrid .gallery-shortcode.gallery-masonry-shortcode-id-184feae6799674f8357d0a8e4b876b29.resize-by-browser-width .dt-css-grid .wf-cell.double-width,\n  .no-cssgridlegacy.no-cssgrid .gallery-shortcode.gallery-masonry-shortcode-id-184feae6799674f8357d0a8e4b876b29.resize-by-browser-width .dt-css-grid .wf-cell.double-width {\n    width: calc(50%)*2;\n  }\n}\n@media screen and (max-width: 991px) {\n  .gallery-shortcode.gallery-masonry-shortcode-id-184feae6799674f8357d0a8e4b876b29.resize-by-browser-width .dt-css-grid {\n    grid-template-columns: repeat(2,1fr);\n  }\n  .cssgridlegacy.no-cssgrid .gallery-shortcode.gallery-masonry-shortcode-id-184feae6799674f8357d0a8e4b876b29.resize-by-browser-width .dt-css-grid .wf-cell,\n  .no-cssgridlegacy.no-cssgrid .gallery-shortcode.gallery-masonry-shortcode-id-184feae6799674f8357d0a8e4b876b29.resize-by-browser-width .dt-css-grid .wf-cell {\n    width: 50%;\n  }\n  .cssgridlegacy.no-cssgrid .gallery-shortcode.gallery-masonry-shortcode-id-184feae6799674f8357d0a8e4b876b29.resize-by-browser-width .dt-css-grid .wf-cell.double-width,\n  .no-cssgridlegacy.no-cssgrid .gallery-shortcode.gallery-masonry-shortcode-id-184feae6799674f8357d0a8e4b876b29.resize-by-browser-width .dt-css-grid .wf-cell.double-width {\n    width: calc(50%)*2;\n  }\n}\n@media screen and (max-width: 767px) {\n  .gallery-shortcode.gallery-masonry-shortcode-id-184feae6799674f8357d0a8e4b876b29.resize-by-browser-width .dt-css-grid {\n    grid-template-columns: repeat(1,1fr);\n  }\n  .cssgridlegacy.no-cssgrid .gallery-shortcode.gallery-masonry-shortcode-id-184feae6799674f8357d0a8e4b876b29.resize-by-browser-width .dt-css-grid .wf-cell,\n  .no-cssgridlegacy.no-cssgrid .gallery-shortcode.gallery-masonry-shortcode-id-184feae6799674f8357d0a8e4b876b29.resize-by-browser-width .dt-css-grid .wf-cell {\n    width: 100%;\n  }\n  .cssgridlegacy.no-cssgrid .gallery-shortcode.gallery-masonry-shortcode-id-184feae6799674f8357d0a8e4b876b29.resize-by-browser-width .dt-css-grid .wf-cell.double-width,\n  .no-cssgridlegacy.no-cssgrid .gallery-shortcode.gallery-masonry-shortcode-id-184feae6799674f8357d0a8e4b876b29.resize-by-browser-width .dt-css-grid .wf-cell.double-width {\n    width: calc(100%)*2;\n  }\n}<\/style><div class=\"gallery-shortcode dt-gallery-container gallery-masonry-shortcode-id-184feae6799674f8357d0a8e4b876b29 mode-masonry jquery-filter dt-icon-bg-off quick-scale-img enable-bg-rollover resize-by-browser-width  hover-fade loading-effect-none description-on-hover\" data-padding=\"3px\" data-cur-page=\"1\" data-post-limit=\"-1\" data-pagination-mode=\"none\" data-desktop-columns-num=\"2\" data-v-tablet-columns-num=\"2\" data-h-tablet-columns-num=\"2\" data-phone-columns-num=\"1\" data-width=\"0px\" data-columns=\"0\"><div class=\"iso-container\" ><div class=\"wf-cell iso-item\" data-post-id=\"21339\" data-date=\"2025-04-29T12:08:49+02:00\" data-name=\"H\u00f4tel Le Pr\u00e9 de la Mer \u00e0 Saint-Tropez\"><figure class=\"post visible\"><a href=\"https:\/\/www.fond-mobile-aqualift.com\/wp-content\/uploads\/2025\/04\/aqualift-pre-de-la-mer-001.webp\" class=\"rollover dt-pswp-item\" data-large_image_width=\"2000\" data-large_image_height=\"1350\" data-dt-img-description=\"\" title=\"H\u00f4tel Le Pr\u00e9 de la Mer \u00e0 Saint-Tropez\"><img loading=\"lazy\" decoding=\"async\" class=\"preload-me aspect\" src=\"https:\/\/www.fond-mobile-aqualift.com\/wp-content\/uploads\/2025\/04\/aqualift-pre-de-la-mer-001-768x518.webp\" srcset=\"https:\/\/www.fond-mobile-aqualift.com\/wp-content\/uploads\/2025\/04\/aqualift-pre-de-la-mer-001-768x518.webp 768w, https:\/\/www.fond-mobile-aqualift.com\/wp-content\/uploads\/2025\/04\/aqualift-pre-de-la-mer-001-1152x777.webp 1152w\" style=\"--ratio: 768 \/ 518\" sizes=\"auto, (max-width: 768px) 100vw, 768px\" alt=\"\" width=\"768\" height=\"518\"  \/><span class=\"gallery-rollover\"><span class=\"gallery-zoom-ico icomoon-the7-font-the7-zoom-03\"><span><\/span><\/span><\/span><\/a><\/figure><\/div><div class=\"wf-cell iso-item\" data-post-id=\"21343\" data-date=\"2025-04-29T12:08:52+02:00\" data-name=\"H\u00f4tel Le Pr\u00e9 de la Mer \u00e0 Saint-Tropez\"><figure class=\"post visible\"><a href=\"https:\/\/www.fond-mobile-aqualift.com\/wp-content\/uploads\/2025\/04\/aqualift-pre-de-la-mer-002.webp\" class=\"rollover dt-pswp-item\" data-large_image_width=\"2000\" data-large_image_height=\"1350\" data-dt-img-description=\"\" title=\"H\u00f4tel Le Pr\u00e9 de la Mer \u00e0 Saint-Tropez\"><img loading=\"lazy\" decoding=\"async\" class=\"preload-me aspect\" src=\"https:\/\/www.fond-mobile-aqualift.com\/wp-content\/uploads\/2025\/04\/aqualift-pre-de-la-mer-002-768x518.webp\" srcset=\"https:\/\/www.fond-mobile-aqualift.com\/wp-content\/uploads\/2025\/04\/aqualift-pre-de-la-mer-002-768x518.webp 768w, https:\/\/www.fond-mobile-aqualift.com\/wp-content\/uploads\/2025\/04\/aqualift-pre-de-la-mer-002-1152x777.webp 1152w\" style=\"--ratio: 768 \/ 518\" sizes=\"auto, (max-width: 768px) 100vw, 768px\" alt=\"\" width=\"768\" height=\"518\"  \/><span class=\"gallery-rollover\"><span class=\"gallery-zoom-ico icomoon-the7-font-the7-zoom-03\"><span><\/span><\/span><\/span><\/a><\/figure><\/div><div class=\"wf-cell iso-item\" data-post-id=\"21347\" data-date=\"2025-04-29T12:08:55+02:00\" data-name=\"H\u00f4tel Le Pr\u00e9 de la Mer \u00e0 Saint-Tropez\"><figure class=\"post visible\"><a href=\"https:\/\/www.fond-mobile-aqualift.com\/wp-content\/uploads\/2025\/04\/aqualift-pre-de-la-mer-003.webp\" class=\"rollover dt-pswp-item\" data-large_image_width=\"2000\" data-large_image_height=\"1350\" data-dt-img-description=\"\" title=\"H\u00f4tel Le Pr\u00e9 de la Mer \u00e0 Saint-Tropez\"><img loading=\"lazy\" decoding=\"async\" class=\"preload-me aspect\" src=\"https:\/\/www.fond-mobile-aqualift.com\/wp-content\/uploads\/2025\/04\/aqualift-pre-de-la-mer-003-768x518.webp\" srcset=\"https:\/\/www.fond-mobile-aqualift.com\/wp-content\/uploads\/2025\/04\/aqualift-pre-de-la-mer-003-768x518.webp 768w, https:\/\/www.fond-mobile-aqualift.com\/wp-content\/uploads\/2025\/04\/aqualift-pre-de-la-mer-003-1152x777.webp 1152w\" style=\"--ratio: 768 \/ 518\" sizes=\"auto, (max-width: 768px) 100vw, 768px\" alt=\"\" width=\"768\" height=\"518\"  \/><span class=\"gallery-rollover\"><span class=\"gallery-zoom-ico icomoon-the7-font-the7-zoom-03\"><span><\/span><\/span><\/span><\/a><\/figure><\/div><div class=\"wf-cell iso-item\" data-post-id=\"21351\" data-date=\"2025-04-29T12:09:00+02:00\" data-name=\"H\u00f4tel Le Pr\u00e9 de la Mer \u00e0 Saint-Tropez\"><figure class=\"post visible\"><a href=\"https:\/\/www.fond-mobile-aqualift.com\/wp-content\/uploads\/2025\/04\/aqualift-pre-de-la-mer-004.webp\" class=\"rollover dt-pswp-item\" data-large_image_width=\"2000\" data-large_image_height=\"1350\" data-dt-img-description=\"\" title=\"H\u00f4tel Le Pr\u00e9 de la Mer \u00e0 Saint-Tropez\"><img loading=\"lazy\" decoding=\"async\" class=\"preload-me aspect\" src=\"https:\/\/www.fond-mobile-aqualift.com\/wp-content\/uploads\/2025\/04\/aqualift-pre-de-la-mer-004-768x518.webp\" srcset=\"https:\/\/www.fond-mobile-aqualift.com\/wp-content\/uploads\/2025\/04\/aqualift-pre-de-la-mer-004-768x518.webp 768w, https:\/\/www.fond-mobile-aqualift.com\/wp-content\/uploads\/2025\/04\/aqualift-pre-de-la-mer-004-1152x777.webp 1152w\" style=\"--ratio: 768 \/ 518\" sizes=\"auto, (max-width: 768px) 100vw, 768px\" alt=\"\" width=\"768\" height=\"518\"  \/><span class=\"gallery-rollover\"><span class=\"gallery-zoom-ico icomoon-the7-font-the7-zoom-03\"><span><\/span><\/span><\/span><\/a><\/figure><\/div><div class=\"wf-cell iso-item\" data-post-id=\"21355\" data-date=\"2025-04-29T12:09:03+02:00\" data-name=\"H\u00f4tel Le Pr\u00e9 de la Mer \u00e0 Saint-Tropez\"><figure class=\"post visible\"><a href=\"https:\/\/www.fond-mobile-aqualift.com\/wp-content\/uploads\/2025\/04\/aqualift-pre-de-la-mer-005.webp\" class=\"rollover dt-pswp-item\" data-large_image_width=\"2000\" data-large_image_height=\"1350\" data-dt-img-description=\"\" title=\"H\u00f4tel Le Pr\u00e9 de la Mer \u00e0 Saint-Tropez\"><img loading=\"lazy\" decoding=\"async\" class=\"preload-me aspect\" src=\"https:\/\/www.fond-mobile-aqualift.com\/wp-content\/uploads\/2025\/04\/aqualift-pre-de-la-mer-005-768x518.webp\" srcset=\"https:\/\/www.fond-mobile-aqualift.com\/wp-content\/uploads\/2025\/04\/aqualift-pre-de-la-mer-005-768x518.webp 768w, https:\/\/www.fond-mobile-aqualift.com\/wp-content\/uploads\/2025\/04\/aqualift-pre-de-la-mer-005-1152x777.webp 1152w\" style=\"--ratio: 768 \/ 518\" sizes=\"auto, (max-width: 768px) 100vw, 768px\" alt=\"\" width=\"768\" height=\"518\"  \/><span class=\"gallery-rollover\"><span class=\"gallery-zoom-ico icomoon-the7-font-the7-zoom-03\"><span><\/span><\/span><\/span><\/a><\/figure><\/div><div class=\"wf-cell iso-item\" data-post-id=\"21359\" data-date=\"2025-04-29T12:09:06+02:00\" data-name=\"H\u00f4tel Le Pr\u00e9 de la Mer \u00e0 Saint-Tropez\"><figure class=\"post visible\"><a href=\"https:\/\/www.fond-mobile-aqualift.com\/wp-content\/uploads\/2025\/04\/aqualift-pre-de-la-mer-006.webp\" class=\"rollover dt-pswp-item\" data-large_image_width=\"2000\" data-large_image_height=\"1350\" data-dt-img-description=\"\" title=\"H\u00f4tel Le Pr\u00e9 de la Mer \u00e0 Saint-Tropez\"><img loading=\"lazy\" decoding=\"async\" class=\"preload-me aspect\" src=\"https:\/\/www.fond-mobile-aqualift.com\/wp-content\/uploads\/2025\/04\/aqualift-pre-de-la-mer-006-768x518.webp\" srcset=\"https:\/\/www.fond-mobile-aqualift.com\/wp-content\/uploads\/2025\/04\/aqualift-pre-de-la-mer-006-768x518.webp 768w, https:\/\/www.fond-mobile-aqualift.com\/wp-content\/uploads\/2025\/04\/aqualift-pre-de-la-mer-006-1152x777.webp 1152w\" style=\"--ratio: 768 \/ 518\" sizes=\"auto, (max-width: 768px) 100vw, 768px\" alt=\"\" width=\"768\" height=\"518\"  \/><span class=\"gallery-rollover\"><span class=\"gallery-zoom-ico icomoon-the7-font-the7-zoom-03\"><span><\/span><\/span><\/span><\/a><\/figure><\/div><div class=\"wf-cell iso-item\" data-post-id=\"21363\" data-date=\"2025-04-29T12:09:09+02:00\" data-name=\"H\u00f4tel Le Pr\u00e9 de la Mer \u00e0 Saint-Tropez\"><figure class=\"post visible\"><a href=\"https:\/\/www.fond-mobile-aqualift.com\/wp-content\/uploads\/2025\/04\/aqualift-pre-de-la-mer-007.webp\" class=\"rollover dt-pswp-item\" data-large_image_width=\"2000\" data-large_image_height=\"1350\" data-dt-img-description=\"\" title=\"H\u00f4tel Le Pr\u00e9 de la Mer \u00e0 Saint-Tropez\"><img loading=\"lazy\" decoding=\"async\" class=\"preload-me aspect\" src=\"https:\/\/www.fond-mobile-aqualift.com\/wp-content\/uploads\/2025\/04\/aqualift-pre-de-la-mer-007-768x518.webp\" srcset=\"https:\/\/www.fond-mobile-aqualift.com\/wp-content\/uploads\/2025\/04\/aqualift-pre-de-la-mer-007-768x518.webp 768w, https:\/\/www.fond-mobile-aqualift.com\/wp-content\/uploads\/2025\/04\/aqualift-pre-de-la-mer-007-1152x777.webp 1152w\" style=\"--ratio: 768 \/ 518\" sizes=\"auto, (max-width: 768px) 100vw, 768px\" alt=\"\" width=\"768\" height=\"518\"  \/><span class=\"gallery-rollover\"><span class=\"gallery-zoom-ico icomoon-the7-font-the7-zoom-03\"><span><\/span><\/span><\/span><\/a><\/figure><\/div><div class=\"wf-cell iso-item\" data-post-id=\"21367\" data-date=\"2025-04-29T12:09:13+02:00\" data-name=\"H\u00f4tel Le Pr\u00e9 de la Mer \u00e0 Saint-Tropez\"><figure class=\"post visible\"><a href=\"https:\/\/www.fond-mobile-aqualift.com\/wp-content\/uploads\/2025\/04\/aqualift-pre-de-la-mer-008.webp\" class=\"rollover dt-pswp-item\" data-large_image_width=\"2000\" data-large_image_height=\"1350\" data-dt-img-description=\"\" title=\"H\u00f4tel Le Pr\u00e9 de la Mer \u00e0 Saint-Tropez\"><img loading=\"lazy\" decoding=\"async\" class=\"preload-me aspect\" src=\"https:\/\/www.fond-mobile-aqualift.com\/wp-content\/uploads\/2025\/04\/aqualift-pre-de-la-mer-008-768x518.webp\" srcset=\"https:\/\/www.fond-mobile-aqualift.com\/wp-content\/uploads\/2025\/04\/aqualift-pre-de-la-mer-008-768x518.webp 768w, https:\/\/www.fond-mobile-aqualift.com\/wp-content\/uploads\/2025\/04\/aqualift-pre-de-la-mer-008-1152x777.webp 1152w\" style=\"--ratio: 768 \/ 518\" sizes=\"auto, (max-width: 768px) 100vw, 768px\" alt=\"\" width=\"768\" height=\"518\"  \/><span class=\"gallery-rollover\"><span class=\"gallery-zoom-ico icomoon-the7-font-the7-zoom-03\"><span><\/span><\/span><\/span><\/a><\/figure><\/div><div class=\"wf-cell iso-item\" data-post-id=\"21371\" data-date=\"2025-04-29T12:09:16+02:00\" data-name=\"H\u00f4tel Le Pr\u00e9 de la Mer \u00e0 Saint-Tropez\"><figure class=\"post visible\"><a href=\"https:\/\/www.fond-mobile-aqualift.com\/wp-content\/uploads\/2025\/04\/aqualift-pre-de-la-mer-009.webp\" class=\"rollover dt-pswp-item\" data-large_image_width=\"2000\" data-large_image_height=\"1350\" data-dt-img-description=\"\" title=\"H\u00f4tel Le Pr\u00e9 de la Mer \u00e0 Saint-Tropez\"><img loading=\"lazy\" decoding=\"async\" class=\"preload-me aspect\" src=\"https:\/\/www.fond-mobile-aqualift.com\/wp-content\/uploads\/2025\/04\/aqualift-pre-de-la-mer-009-768x518.webp\" srcset=\"https:\/\/www.fond-mobile-aqualift.com\/wp-content\/uploads\/2025\/04\/aqualift-pre-de-la-mer-009-768x518.webp 768w, https:\/\/www.fond-mobile-aqualift.com\/wp-content\/uploads\/2025\/04\/aqualift-pre-de-la-mer-009-1152x777.webp 1152w\" style=\"--ratio: 768 \/ 518\" sizes=\"auto, (max-width: 768px) 100vw, 768px\" alt=\"\" width=\"768\" height=\"518\"  \/><span class=\"gallery-rollover\"><span class=\"gallery-zoom-ico icomoon-the7-font-the7-zoom-03\"><span><\/span><\/span><\/span><\/a><\/figure><\/div><div class=\"wf-cell iso-item\" data-post-id=\"21375\" data-date=\"2025-04-29T12:09:19+02:00\" data-name=\"H\u00f4tel Le Pr\u00e9 de la Mer in Saint-Tropez\"><figure class=\"post visible\"><a href=\"https:\/\/www.fond-mobile-aqualift.com\/wp-content\/uploads\/2025\/04\/aqualift-pre-de-la-mer-010.webp\" class=\"rollover dt-pswp-item\" data-large_image_width=\"2000\" data-large_image_height=\"1350\" data-dt-img-description=\"\" title=\"H\u00f4tel Le Pr\u00e9 de la Mer in Saint-Tropez\"><img loading=\"lazy\" decoding=\"async\" class=\"preload-me aspect\" src=\"https:\/\/www.fond-mobile-aqualift.com\/wp-content\/uploads\/2025\/04\/aqualift-pre-de-la-mer-010-768x518.webp\" srcset=\"https:\/\/www.fond-mobile-aqualift.com\/wp-content\/uploads\/2025\/04\/aqualift-pre-de-la-mer-010-768x518.webp 768w, https:\/\/www.fond-mobile-aqualift.com\/wp-content\/uploads\/2025\/04\/aqualift-pre-de-la-mer-010-1152x777.webp 1152w\" style=\"--ratio: 768 \/ 518\" sizes=\"auto, (max-width: 768px) 100vw, 768px\" alt=\"\" width=\"768\" height=\"518\"  \/><span class=\"gallery-rollover\"><span class=\"gallery-zoom-ico icomoon-the7-font-the7-zoom-03\"><span><\/span><\/span><\/span><\/a><\/figure><\/div><div class=\"wf-cell iso-item\" data-post-id=\"21379\" data-date=\"2025-04-29T12:09:22+02:00\" data-name=\"H\u00f4tel Le Pr\u00e9 de la Mer in Saint-Tropez\"><figure class=\"post visible\"><a href=\"https:\/\/www.fond-mobile-aqualift.com\/wp-content\/uploads\/2025\/04\/aqualift-pre-de-la-mer-011.webp\" class=\"rollover dt-pswp-item\" data-large_image_width=\"2000\" data-large_image_height=\"1350\" data-dt-img-description=\"\" title=\"H\u00f4tel Le Pr\u00e9 de la Mer in Saint-Tropez\"><img loading=\"lazy\" decoding=\"async\" class=\"preload-me aspect\" src=\"https:\/\/www.fond-mobile-aqualift.com\/wp-content\/uploads\/2025\/04\/aqualift-pre-de-la-mer-011-768x518.webp\" srcset=\"https:\/\/www.fond-mobile-aqualift.com\/wp-content\/uploads\/2025\/04\/aqualift-pre-de-la-mer-011-768x518.webp 768w, https:\/\/www.fond-mobile-aqualift.com\/wp-content\/uploads\/2025\/04\/aqualift-pre-de-la-mer-011-1152x777.webp 1152w\" style=\"--ratio: 768 \/ 518\" sizes=\"auto, (max-width: 768px) 100vw, 768px\" alt=\"\" width=\"768\" height=\"518\"  \/><span class=\"gallery-rollover\"><span class=\"gallery-zoom-ico icomoon-the7-font-the7-zoom-03\"><span><\/span><\/span><\/span><\/a><\/figure><\/div><\/div><!-- iso-container|iso-grid --><\/div><div id=\"ultimate-heading-613669f5a3f7bf85b\" class=\"uvc-heading ult-adjust-bottom-margin ultimate-heading-613669f5a3f7bf85b uvc-2722 \" data-hspacer=\"no_spacer\"  data-halign=\"left\" style=\"text-align:left\"><div class=\"uvc-heading-spacer no_spacer\" style=\"top\"><\/div><div class=\"uvc-main-heading ult-responsive\"  data-ultimate-target='.uvc-heading.ultimate-heading-613669f5a3f7bf85b h2'  data-responsive-json-new='{\"font-size\":\"desktop:24px;\",\"line-height\":\"desktop:28px;\"}' ><h2 style=\"font-family:&#039;Roboto&#039;;font-weight:100;color:#2d2d2d;margin-top:35px;margin-bottom:15px;\">Nos fonds mobiles sur-mesure Liberty, des projets architecturaux toujours plus ambitieux<\/h2><\/div><div class=\"uvc-sub-heading ult-responsive\"  data-ultimate-target='.uvc-heading.ultimate-heading-613669f5a3f7bf85b .uvc-sub-heading '  data-responsive-json-new='{\"font-size\":\"desktop:14px;\",\"line-height\":\"desktop:22px;\"}'  style=\"font-family:&#039;Roboto&#039;;font-weight:300;margin-bottom:20px;\">R\u00e9alis\u00e9e \u00e0 l\u2019h\u00f4tel Pr\u00e9 de la mer, cette piscine de 13 x 4 m\u00e8tres est \u00e9quip\u00e9e d\u2019un double plancher mobile sur-mesure de la gamme Liberty, con\u00e7u pour dispara\u00eetre totalement ou r\u00e9v\u00e9ler une terrasse selon les envies et besoins. Une piscine pour les clients en journ\u00e9e et une belle terrasse de r\u00e9ception en soir\u00e9e.<\/p>\n<p>Le rev\u00eatement de la piscine a \u00e9t\u00e9 soigneusement s\u00e9lectionn\u00e9 : Des carreaux de lave \u00e9maill\u00e9e, aux nuances de gris et de rose, qui permettent d\u2019apporter une finition min\u00e9rale haut de gamme, en parfaite harmonie avec le style chic et naturel de l\u2019h\u00f4tel. Une solution technique pens\u00e9e pour offrir \u00e0 la fois esth\u00e9tique, confort d\u2019usage et originalit\u00e9.<\/p>\n<p>La configuration du fond mobile permet une grande libert\u00e9 d\u2019usage, en assurant une transformation rapide de l\u2019espace aquatique en zone de d\u00e9tente ou de r\u00e9ception pour le Pr\u00e9 de la Mer.<\/p>\n<p>Cette m\u00e9tamorphose quotidienne s\u2019effectue sans compromis, gr\u00e2ce \u00e0 la robustesse et \u00e0 la pr\u00e9cision de nos syst\u00e8mes Aqualift.<\/p>\n<p>Ce projet a \u00e9t\u00e9 men\u00e9 en collaboration avec notre partenaire Piscine Arrosage Lefevre, constructeur renomm\u00e9 bas\u00e9 \u00e0 Saint-Tropez, reconnu pour son savoir-faire et sa capacit\u00e9 \u00e0 concevoir des projets uniques.<\/p>\n<p>Pour d\u00e9couvrir l\u2019h\u00f4tel : <a href=\"https:\/\/www.lepredelamer.fr\" target=\"_blank\" rel=\"noopener\">www.lepredelamer.fr<\/a><\/div><\/div><div class=\" vc_custom_1720018747741 ubtn-ctn-left \"><a class=\"ubtn-link ult-adjust-bottom-margin ubtn-left ubtn-normal \" href=\"https:\/\/www.fond-mobile-aqualift.com\/fr\/fonds-mobiles\/fond-mobile-liberty\/\" title=\"Fond mobile sur-mesure Liberty\" ><button type=\"button\" id=\"ubtn-8895\"  class=\"ubtn ult-adjust-bottom-margin ult-responsive ubtn-normal ubtn-fade-bg  none  ubtn-sep-icon ubtn-sep-icon-right-push  ubtn-left   tooltip-69f5a3f7bf910\"  data-hover=\"\" data-border-color=\"#333333\" data-bg=\"\" data-hover-bg=\"rgba(255,255,255,0.3)\" data-border-hover=\"#007abc\" data-shadow-hover=\"\" data-shadow-click=\"none\" data-shadow=\"\" data-shd-shadow=\"\"  data-ultimate-target='#ubtn-8895'  data-responsive-json-new='{\"font-size\":\"desktop:14px;\",\"line-height\":\"\"}'  style=\"font-family:&#039;Roboto&#039;;font-weight:normal;border-radius:300px;border-width:1px;border-color:#333333;border-style:solid;\"><span class=\"ubtn-data ubtn-icon\"><i class=\"icomoon-the7-font-the7-plus-04\" style=\"font-size:16px;color:#333333;\"><\/i><\/span><span class=\"ubtn-hover\" style=\"background-color:rgba(255,255,255,0.3)\"><\/span><span class=\"ubtn-data ubtn-text \" >D\u00e9couvrir la gamme Liberty<\/span><\/button><\/a><\/div>[\/vc_column][\/vc_row]<\/p>\n<\/div>","protected":false},"excerpt":{"rendered":"<p>Situ\u00e9 au c\u0153ur du majestueux massif du Mont-Blanc, l&rsquo;H\u00f4tel Armancette 5* offre d\u00e9sormais \u00e0 ses clients une exp\u00e9rience aquatique hors du commun gr\u00e2ce \u00e0 l&rsquo;installation d&rsquo;un fond mobile sur-mesure sign\u00e9 Aqualift. <\/p>\n","protected":false},"author":1,"featured_media":21332,"comment_status":"closed","ping_status":"closed","template":"","dt_portfolio_category":[25,55],"dt_portfolio_tags":[],"class_list":["post-21324","dt_portfolio","type-dt_portfolio","status-publish","has-post-thumbnail","hentry","dt_portfolio_category-fond-mobile-liberty","dt_portfolio_category-fond-mobile-pro-hotellerie","dt_portfolio_category-25","dt_portfolio_category-55","description-off"],"yoast_head":"<!-- This site is optimized with the Yoast SEO plugin v27.3 - https:\/\/yoast.com\/product\/yoast-seo-wordpress\/ -->\n<title>AQUALIFT | Une piscine d\u2019exception \u00e0 fond mobile \u00e0 Saint-Tropez<\/title>\n<meta name=\"description\" content=\"Au c\u0153ur du mythique golfe de Saint-Tropez, l\u2019h\u00f4tel Le Pr\u00e9 de la Mer s\u2019est dot\u00e9 d\u2019une piscine d\u2019exception : une piscine \u00e0 fond mobile sur-mesure Aqualift.\" \/>\n<meta name=\"robots\" content=\"index, follow, max-snippet:-1, max-image-preview:large, max-video-preview:-1\" \/>\n<link rel=\"canonical\" href=\"https:\/\/www.fond-mobile-aqualift.com\/fr\/project\/une-piscine-dexception-a-fond-mobile-pour-lhotel-le-pre-de-la-mer-a-saint-tropez\/\" \/>\n<meta property=\"og:locale\" content=\"fr_FR\" \/>\n<meta property=\"og:type\" content=\"article\" \/>\n<meta property=\"og:title\" content=\"AQUALIFT | Une piscine d\u2019exception \u00e0 fond mobile \u00e0 Saint-Tropez\" \/>\n<meta property=\"og:description\" content=\"Au c\u0153ur du mythique golfe de Saint-Tropez, l\u2019h\u00f4tel Le Pr\u00e9 de la Mer s\u2019est dot\u00e9 d\u2019une piscine d\u2019exception : une piscine \u00e0 fond mobile sur-mesure Aqualift.\" \/>\n<meta property=\"og:url\" content=\"https:\/\/www.fond-mobile-aqualift.com\/fr\/project\/une-piscine-dexception-a-fond-mobile-pour-lhotel-le-pre-de-la-mer-a-saint-tropez\/\" \/>\n<meta property=\"og:site_name\" content=\"Aqualift Industrie\" \/>\n<meta property=\"og:image\" content=\"https:\/\/www.fond-mobile-aqualift.com\/wp-content\/uploads\/2025\/04\/aqualift-pre-de-la-mer-000.webp\" \/>\n\t<meta property=\"og:image:width\" content=\"2000\" \/>\n\t<meta property=\"og:image:height\" content=\"1350\" \/>\n\t<meta property=\"og:image:type\" content=\"image\/webp\" \/>\n<meta name=\"twitter:card\" content=\"summary_large_image\" \/>\n<meta name=\"twitter:label1\" content=\"Dur\u00e9e de lecture estim\u00e9e\" \/>\n\t<meta name=\"twitter:data1\" content=\"3 minutes\" \/>\n<script type=\"application\/ld+json\" class=\"yoast-schema-graph\">{\"@context\":\"https:\\\/\\\/schema.org\",\"@graph\":[{\"@type\":\"WebPage\",\"@id\":\"https:\\\/\\\/www.fond-mobile-aqualift.com\\\/fr\\\/project\\\/une-piscine-dexception-a-fond-mobile-pour-lhotel-le-pre-de-la-mer-a-saint-tropez\\\/\",\"url\":\"https:\\\/\\\/www.fond-mobile-aqualift.com\\\/fr\\\/project\\\/une-piscine-dexception-a-fond-mobile-pour-lhotel-le-pre-de-la-mer-a-saint-tropez\\\/\",\"name\":\"AQUALIFT | Une piscine d\u2019exception \u00e0 fond mobile \u00e0 Saint-Tropez\",\"isPartOf\":{\"@id\":\"https:\\\/\\\/www.fond-mobile-aqualift.com\\\/fr\\\/#website\"},\"primaryImageOfPage\":{\"@id\":\"https:\\\/\\\/www.fond-mobile-aqualift.com\\\/fr\\\/project\\\/une-piscine-dexception-a-fond-mobile-pour-lhotel-le-pre-de-la-mer-a-saint-tropez\\\/#primaryimage\"},\"image\":{\"@id\":\"https:\\\/\\\/www.fond-mobile-aqualift.com\\\/fr\\\/project\\\/une-piscine-dexception-a-fond-mobile-pour-lhotel-le-pre-de-la-mer-a-saint-tropez\\\/#primaryimage\"},\"thumbnailUrl\":\"https:\\\/\\\/www.fond-mobile-aqualift.com\\\/wp-content\\\/uploads\\\/2025\\\/04\\\/aqualift-pre-de-la-mer-000.webp\",\"datePublished\":\"2025-04-29T12:30:19+00:00\",\"description\":\"Au c\u0153ur du mythique golfe de Saint-Tropez, l\u2019h\u00f4tel Le Pr\u00e9 de la Mer s\u2019est dot\u00e9 d\u2019une piscine d\u2019exception : une piscine \u00e0 fond mobile sur-mesure Aqualift.\",\"breadcrumb\":{\"@id\":\"https:\\\/\\\/www.fond-mobile-aqualift.com\\\/fr\\\/project\\\/une-piscine-dexception-a-fond-mobile-pour-lhotel-le-pre-de-la-mer-a-saint-tropez\\\/#breadcrumb\"},\"inLanguage\":\"fr-FR\",\"potentialAction\":[{\"@type\":\"ReadAction\",\"target\":[\"https:\\\/\\\/www.fond-mobile-aqualift.com\\\/fr\\\/project\\\/une-piscine-dexception-a-fond-mobile-pour-lhotel-le-pre-de-la-mer-a-saint-tropez\\\/\"]}]},{\"@type\":\"ImageObject\",\"inLanguage\":\"fr-FR\",\"@id\":\"https:\\\/\\\/www.fond-mobile-aqualift.com\\\/fr\\\/project\\\/une-piscine-dexception-a-fond-mobile-pour-lhotel-le-pre-de-la-mer-a-saint-tropez\\\/#primaryimage\",\"url\":\"https:\\\/\\\/www.fond-mobile-aqualift.com\\\/wp-content\\\/uploads\\\/2025\\\/04\\\/aqualift-pre-de-la-mer-000.webp\",\"contentUrl\":\"https:\\\/\\\/www.fond-mobile-aqualift.com\\\/wp-content\\\/uploads\\\/2025\\\/04\\\/aqualift-pre-de-la-mer-000.webp\",\"width\":2000,\"height\":1350},{\"@type\":\"BreadcrumbList\",\"@id\":\"https:\\\/\\\/www.fond-mobile-aqualift.com\\\/fr\\\/project\\\/une-piscine-dexception-a-fond-mobile-pour-lhotel-le-pre-de-la-mer-a-saint-tropez\\\/#breadcrumb\",\"itemListElement\":[{\"@type\":\"ListItem\",\"position\":1,\"name\":\"Accueil\",\"item\":\"https:\\\/\\\/www.fond-mobile-aqualift.com\\\/fr\\\/\"},{\"@type\":\"ListItem\",\"position\":2,\"name\":\"Portfolio\",\"item\":\"https:\\\/\\\/www.fond-mobile-aqualift.com\\\/fr\\\/project\\\/\"},{\"@type\":\"ListItem\",\"position\":3,\"name\":\"Une piscine d\u2019exception \u00e0 fond mobile pour l\u2019h\u00f4tel Le Pr\u00e9 de la Mer \u00e0 Saint-Tropez\"}]},{\"@type\":\"WebSite\",\"@id\":\"https:\\\/\\\/www.fond-mobile-aqualift.com\\\/fr\\\/#website\",\"url\":\"https:\\\/\\\/www.fond-mobile-aqualift.com\\\/fr\\\/\",\"name\":\"Aqualift Industrie\",\"description\":\"Leader mondial du fond mobile pour piscine\",\"potentialAction\":[{\"@type\":\"SearchAction\",\"target\":{\"@type\":\"EntryPoint\",\"urlTemplate\":\"https:\\\/\\\/www.fond-mobile-aqualift.com\\\/fr\\\/?s={search_term_string}\"},\"query-input\":{\"@type\":\"PropertyValueSpecification\",\"valueRequired\":true,\"valueName\":\"search_term_string\"}}],\"inLanguage\":\"fr-FR\"}]}<\/script>\n<!-- \/ Yoast SEO plugin. -->","yoast_head_json":{"title":"AQUALIFT | Une piscine d\u2019exception \u00e0 fond mobile \u00e0 Saint-Tropez","description":"Au c\u0153ur du mythique golfe de Saint-Tropez, l\u2019h\u00f4tel Le Pr\u00e9 de la Mer s\u2019est dot\u00e9 d\u2019une piscine d\u2019exception : une piscine \u00e0 fond mobile sur-mesure Aqualift.","robots":{"index":"index","follow":"follow","max-snippet":"max-snippet:-1","max-image-preview":"max-image-preview:large","max-video-preview":"max-video-preview:-1"},"canonical":"https:\/\/www.fond-mobile-aqualift.com\/fr\/project\/une-piscine-dexception-a-fond-mobile-pour-lhotel-le-pre-de-la-mer-a-saint-tropez\/","og_locale":"fr_FR","og_type":"article","og_title":"AQUALIFT | Une piscine d\u2019exception \u00e0 fond mobile \u00e0 Saint-Tropez","og_description":"Au c\u0153ur du mythique golfe de Saint-Tropez, l\u2019h\u00f4tel Le Pr\u00e9 de la Mer s\u2019est dot\u00e9 d\u2019une piscine d\u2019exception : une piscine \u00e0 fond mobile sur-mesure Aqualift.","og_url":"https:\/\/www.fond-mobile-aqualift.com\/fr\/project\/une-piscine-dexception-a-fond-mobile-pour-lhotel-le-pre-de-la-mer-a-saint-tropez\/","og_site_name":"Aqualift Industrie","og_image":[{"width":2000,"height":1350,"url":"https:\/\/www.fond-mobile-aqualift.com\/wp-content\/uploads\/2025\/04\/aqualift-pre-de-la-mer-000.webp","type":"image\/webp"}],"twitter_card":"summary_large_image","twitter_misc":{"Dur\u00e9e de lecture estim\u00e9e":"3 minutes"},"schema":{"@context":"https:\/\/schema.org","@graph":[{"@type":"WebPage","@id":"https:\/\/www.fond-mobile-aqualift.com\/fr\/project\/une-piscine-dexception-a-fond-mobile-pour-lhotel-le-pre-de-la-mer-a-saint-tropez\/","url":"https:\/\/www.fond-mobile-aqualift.com\/fr\/project\/une-piscine-dexception-a-fond-mobile-pour-lhotel-le-pre-de-la-mer-a-saint-tropez\/","name":"AQUALIFT | Une piscine d\u2019exception \u00e0 fond mobile \u00e0 Saint-Tropez","isPartOf":{"@id":"https:\/\/www.fond-mobile-aqualift.com\/fr\/#website"},"primaryImageOfPage":{"@id":"https:\/\/www.fond-mobile-aqualift.com\/fr\/project\/une-piscine-dexception-a-fond-mobile-pour-lhotel-le-pre-de-la-mer-a-saint-tropez\/#primaryimage"},"image":{"@id":"https:\/\/www.fond-mobile-aqualift.com\/fr\/project\/une-piscine-dexception-a-fond-mobile-pour-lhotel-le-pre-de-la-mer-a-saint-tropez\/#primaryimage"},"thumbnailUrl":"https:\/\/www.fond-mobile-aqualift.com\/wp-content\/uploads\/2025\/04\/aqualift-pre-de-la-mer-000.webp","datePublished":"2025-04-29T12:30:19+00:00","description":"Au c\u0153ur du mythique golfe de Saint-Tropez, l\u2019h\u00f4tel Le Pr\u00e9 de la Mer s\u2019est dot\u00e9 d\u2019une piscine d\u2019exception : une piscine \u00e0 fond mobile sur-mesure Aqualift.","breadcrumb":{"@id":"https:\/\/www.fond-mobile-aqualift.com\/fr\/project\/une-piscine-dexception-a-fond-mobile-pour-lhotel-le-pre-de-la-mer-a-saint-tropez\/#breadcrumb"},"inLanguage":"fr-FR","potentialAction":[{"@type":"ReadAction","target":["https:\/\/www.fond-mobile-aqualift.com\/fr\/project\/une-piscine-dexception-a-fond-mobile-pour-lhotel-le-pre-de-la-mer-a-saint-tropez\/"]}]},{"@type":"ImageObject","inLanguage":"fr-FR","@id":"https:\/\/www.fond-mobile-aqualift.com\/fr\/project\/une-piscine-dexception-a-fond-mobile-pour-lhotel-le-pre-de-la-mer-a-saint-tropez\/#primaryimage","url":"https:\/\/www.fond-mobile-aqualift.com\/wp-content\/uploads\/2025\/04\/aqualift-pre-de-la-mer-000.webp","contentUrl":"https:\/\/www.fond-mobile-aqualift.com\/wp-content\/uploads\/2025\/04\/aqualift-pre-de-la-mer-000.webp","width":2000,"height":1350},{"@type":"BreadcrumbList","@id":"https:\/\/www.fond-mobile-aqualift.com\/fr\/project\/une-piscine-dexception-a-fond-mobile-pour-lhotel-le-pre-de-la-mer-a-saint-tropez\/#breadcrumb","itemListElement":[{"@type":"ListItem","position":1,"name":"Accueil","item":"https:\/\/www.fond-mobile-aqualift.com\/fr\/"},{"@type":"ListItem","position":2,"name":"Portfolio","item":"https:\/\/www.fond-mobile-aqualift.com\/fr\/project\/"},{"@type":"ListItem","position":3,"name":"Une piscine d\u2019exception \u00e0 fond mobile pour l\u2019h\u00f4tel Le Pr\u00e9 de la Mer \u00e0 Saint-Tropez"}]},{"@type":"WebSite","@id":"https:\/\/www.fond-mobile-aqualift.com\/fr\/#website","url":"https:\/\/www.fond-mobile-aqualift.com\/fr\/","name":"Aqualift Industrie","description":"Leader mondial du fond mobile pour piscine","potentialAction":[{"@type":"SearchAction","target":{"@type":"EntryPoint","urlTemplate":"https:\/\/www.fond-mobile-aqualift.com\/fr\/?s={search_term_string}"},"query-input":{"@type":"PropertyValueSpecification","valueRequired":true,"valueName":"search_term_string"}}],"inLanguage":"fr-FR"}]}},"_links":{"self":[{"href":"https:\/\/www.fond-mobile-aqualift.com\/fr\/wp-json\/wp\/v2\/dt_portfolio\/21324","targetHints":{"allow":["GET"]}}],"collection":[{"href":"https:\/\/www.fond-mobile-aqualift.com\/fr\/wp-json\/wp\/v2\/dt_portfolio"}],"about":[{"href":"https:\/\/www.fond-mobile-aqualift.com\/fr\/wp-json\/wp\/v2\/types\/dt_portfolio"}],"author":[{"embeddable":true,"href":"https:\/\/www.fond-mobile-aqualift.com\/fr\/wp-json\/wp\/v2\/users\/1"}],"replies":[{"embeddable":true,"href":"https:\/\/www.fond-mobile-aqualift.com\/fr\/wp-json\/wp\/v2\/comments?post=21324"}],"version-history":[{"count":5,"href":"https:\/\/www.fond-mobile-aqualift.com\/fr\/wp-json\/wp\/v2\/dt_portfolio\/21324\/revisions"}],"predecessor-version":[{"id":21383,"href":"https:\/\/www.fond-mobile-aqualift.com\/fr\/wp-json\/wp\/v2\/dt_portfolio\/21324\/revisions\/21383"}],"wp:featuredmedia":[{"embeddable":true,"href":"https:\/\/www.fond-mobile-aqualift.com\/fr\/wp-json\/wp\/v2\/media\/21332"}],"wp:attachment":[{"href":"https:\/\/www.fond-mobile-aqualift.com\/fr\/wp-json\/wp\/v2\/media?parent=21324"}],"wp:term":[{"taxonomy":"dt_portfolio_category","embeddable":true,"href":"https:\/\/www.fond-mobile-aqualift.com\/fr\/wp-json\/wp\/v2\/dt_portfolio_category?post=21324"},{"taxonomy":"dt_portfolio_tags","embeddable":true,"href":"https:\/\/www.fond-mobile-aqualift.com\/fr\/wp-json\/wp\/v2\/dt_portfolio_tags?post=21324"}],"curies":[{"name":"wp","href":"https:\/\/api.w.org\/{rel}","templated":true}]}}